{"id":3,"date":"2019-07-24T16:33:56","date_gmt":"2019-07-24T14:33:56","guid":{"rendered":"http:\/\/szabo.pl\/?page_id=3"},"modified":"2022-05-04T17:24:30","modified_gmt":"2022-05-04T15:24:30","slug":"adatvedelmi_iranyelvek","status":"publish","type":"page","link":"https:\/\/szabo.pl\/index.php\/adatvedelmi_iranyelvek\/","title":{"rendered":"Adatv\u00e9delmi ir\u00e1nyelvek, szem\u00e9lyes adatok v\u00e9delme"},"content":{"rendered":"\n<p>Az al\u00e1bbi dokumentum az \u00dcgyfelek r\u00e9sz\u00e9re tartalmaz inform\u00e1ci\u00f3t a szabo.pl internetes oldalon \u00e9s a szabo.pl Gerg\u00f6 Szab\u00f3 (tov\u00e1bbiakban Szolg\u00e1ltat\u00f3) v\u00e1llalkoz\u00e1sban el\u00e9rhet\u0151 szolg\u00e1ltat\u00e1sokkal kapcsolatos szem\u00e9lyes adatok feldolgoz\u00e1sr\u00f3l.<\/p>\n\n\n\n<h2 class=\"wp-block-heading\">El\u00e9rhet\u0151s\u00e9g<\/h2>\n\n\n\n<p><a href=\"https:\/\/szabo.pl\/\">szabo.pl GERG\u00d6 SZABO<\/a><\/p>\n\n\n\n<p>Sz\u00e9khely: 34-105 Wysoka 160B<\/p>\n\n\n\n<p>NIP (ad\u00f3sz\u00e1m): 6762446588<\/p>\n\n\n\n<p>REGON: 382812638<\/p>\n\n\n\n<p>email c\u00edm: <a href=\"mailto:gergo@szabo.pl\">gergo@szabo.pl<\/a><\/p>\n\n\n\n<p>Telefon: +48&nbsp;518&nbsp;190&nbsp;840<\/p>\n\n\n\n<p><a href=\"https:\/\/szabo.pl\/index.php\/\">strony internetowej: http:\/\/szabo.pl.<\/a><\/p>\n\n\n\n<h2 class=\"wp-block-heading\">A szem\u00e9lyes adatok feldolgoz\u00e1s\u00e1nak jogalapja<\/h2>\n\n\n\n<ol class=\"wp-block-list\" type=\"1\"><li>Az Adatv\u00e9delmi Ir\u00e1nyelvek meghat\u00e1roz\u00e1sa szerint a szem\u00e9lyes adat minden olyan inform\u00e1ci\u00f3, amely valamely azonos\u00edtott vagy azonos\u00edthat\u00f3 \u00e9l\u0151 szem\u00e9llyel kapcsolatos. Mindazon inform\u00e1ci\u00f3k, amelyek \u00f6sszegy\u0171jt\u00e9se egy bizonyos szem\u00e9ly azonos\u00edt\u00e1s\u00e1hoz vezethet, ugyancsak szem\u00e9lyes adatnak min\u0151s\u00fclnek, k\u00fcl\u00f6n\u00f6s olyan adatok, mint: vezet\u00e9kn\u00e9v \u00e9s ut\u00f3n\u00e9v, lakc\u00edm, szem\u00e9lyazonos\u00edt\u00f3 igazolv\u00e1ny sz\u00e1ma, IP c\u00edm illetve egy vagy t\u00f6bb olyan tulajdons\u00e1g, amely meghat\u00e1rozza egy term\u00e9szetes szem\u00e9ly fizikai, fiziol\u00f3giai, genetikai, ment\u00e1lis, gazdas\u00e1gi, kultur\u00e1lis vagy t\u00e1rsadalmi identit\u00e1s\u00e1t.<\/li><li>A szolg\u00e1ltat\u00f3 olyan adatokat dolgoz fel, amelyek az Eur\u00f3pai Parlament \u00e9s a Tan\u00e1cs (EU) 2016\/679 rendelete (2016. \u00e1prilis 27.) a term\u00e9szetes szem\u00e9lyeknek a szem\u00e9lyes adatok kezel\u00e9se tekintet\u00e9ben t\u00f6rt\u00e9n\u0151 v\u00e9delm\u00e9r\u0151l \u00e9s az ilyen adatok szabad \u00e1raml\u00e1s\u00e1r\u00f3l, valamint a 95\/46\/EK rendelet hat\u00e1lyon k\u00edv\u00fcl helyez\u00e9s\u00e9r\u0151l (\u00e1ltal\u00e1nos adatv\u00e9delmi rendelet, GDPR) hat\u00e1lya al\u00e1 tartoznak.<\/li><li>Az adatok feldolgoz\u00e1sa az Adatv\u00e9delmi Ir\u00e1nyelvek \u00e9rtelm\u00e9ben, a Szem\u00e9lyi Adatokkal vagy Szem\u00e9lyi Adatok egy\u00fcttes\u00e9vel v\u00e9gzett automatiz\u00e1lt vagy nem automatiz\u00e1lt m\u00f3don v\u00e9grehajtott m\u0171veletet vagy m\u0171veletegy\u00fcttest jelent, \u00fagy mint azok gy\u0171jt\u00e9se, tart\u00f3s\u00edt\u00e1sa, szervez\u00e9se, rendez\u00e9se, t\u00e1rol\u00e1sa, adapt\u00e1l\u00e1sa vagy m\u00f3dos\u00edt\u00e1sa, let\u00f6lt\u00e9se, megtekint\u00e9se.<\/li><li>A feldolgoz\u00e1s jelen Adatv\u00e9delmi Ir\u00e1nyelvek tekintet\u00e9ven a szem\u00e9lyes adatokon automatikusan vagy nem automatikusan elv\u00e9gzett m\u0171veletet vagy m\u0171veletegy\u00fcttest jelent, mint gy\u0171jt\u00e9st, tart\u00f3s ment\u00e9st, rendszerez\u00e9st, rendez\u00e9st, t\u00e1rol\u00e1st, befogad\u00e1st vagy m\u00f3dos\u00edt\u00e1st, let\u00f6lt\u00e9st \u00e9s megtekint\u00e9st.<\/li><li>A szem\u00e9lyes adatok gy\u0171jt\u00e9s\u00e9nek jogalapj\u00e1t k\u00e9pezik:<\/li><li>A szem\u00e9lyes adatok tulajdonos\u00e1nak beleegyez\u00e9se (Gyermekek szem\u00e9lyes adatai csak abban az esetben ker\u00fclnek feldolgoz\u00e1sra, ha a gyermek a 16. \u00e9let\u00e9v\u00e9t bet\u00f6lt\u00f6tte.)<\/li><li>a gy\u0171jt\u00f6tt adatok sz\u00fcks\u00e9gszer\u0171s\u00e9ge a Szolg\u00e1ltat\u00e1s keretein bel\u00fcl vagy annak seg\u00edts\u00e9g\u00e9vel megk\u00f6t\u00f6tt szerz\u0151d\u00e9sek l\u00e9trehoz\u00e1s\u00e1hoz vagy a szem\u00e9lyes adatok \u00e1ltal \u00e9rintett szem\u00e9ly k\u00e9relm\u00e9re v\u00e9gzett tev\u00e9kenys\u00e9g megkezd\u00e9s\u00e9hez.;<\/li><li>a gy\u0171jt\u00f6tt adatok sz\u00fcks\u00e9gszer\u0171s\u00e9ge a szolg\u00e1ltat\u00f3 jogi k\u00f6telezetts\u00e9geinek v\u00e9grehajt\u00e1s\u00e1hoz<\/li><li>jogilag megalapozott \u00e9rdekelts\u00e9gek folytat\u00e1sa a szolg\u00e1ltat\u00f3 vagy harmadik szem\u00e9ly \u00e1ltal, akik lehetnek elektronikus fizet\u00e9si szolg\u00e1ltat\u00f3k, vagy egy\u00e9b a Szolg\u00e1ltat\u00e1s egy\u00e9b funkcionalit\u00e1s\u00e1nak kezel\u0151i, amennyiben a szem\u00e9lyes adatok kezel\u00e9se gyermeket nem \u00e9rint.<\/li><\/ol>\n\n\n\n<h2 class=\"wp-block-heading\">Az adatgy\u0171jt\u00e9s t\u00e1rgya \u00e9s c\u00e9lja<\/h2>\n\n\n\n<ol class=\"wp-block-list\" type=\"1\"><li>A szem\u00e9lyes adatokat a Szolg\u00e1ltat\u00f3 a szolg\u00e1ltat\u00e1s keretein bel\u00fcl dolgozza fel, hogy lehet\u0151v\u00e9 tegye a szolg\u00e1ltat\u00e1s m\u0171k\u00f6d\u00e9s\u00e9nek biztos\u00edt\u00e1sa \u00e9rdek\u00e9ben.<\/li><\/ol>\n\n\n\n<ol class=\"wp-block-list\" type=\"1\"><li>szolg\u00e1ltat\u00e1si szerz\u0151d\u00e9sek megk\u00f6t\u00e9s\u00e9t<\/li><li>a Szolg\u00e1ltat\u00e1s hat\u00e9kony m\u0171k\u00f6d\u00e9s\u00e9t \u00e9s m\u0171k\u00f6dtet\u00e9s\u00e9t<\/li><li>a Szolg\u00e1ltat\u00f3 k\u00f6telezetts\u00e9ginek teljes\u00edt\u00e9s\u00e9t, k\u00fcl\u00f6n\u00f6s tekintettel a megk\u00f6t\u00f6tt szerz\u0151d\u00e9st \u00e9rint\u0151 panaszokra<\/li><li>ad\u00e1s-v\u00e9teli szerz\u0151d\u00e9s t\u00e1volr\u00f3l t\u00f6rt\u00e9n\u0151 megk\u00f6t\u00e9s\u00e9t.<\/li><\/ol>\n\n\n\n<p>A szolg\u00e1ltat\u00e1si szerz\u0151d\u00e9sek megk\u00f6t\u00e9s\u00e9hez gy\u0171jt\u00f6tt adatok: &#8211; a k\u00f6vetkez\u0151 Szem\u00e9lyes adatok ker\u00fclnek feldolgoz\u00e1sra: vezet\u00e9kn\u00e9v \u00e9s ut\u00f3n\u00e9v, c\u00edm (utca, h\u00e1zsz\u00e1m, telep\u00fcl\u00e9s \u00e9s ir\u00e1ny\u00edt\u00f3sz\u00e1m), telefonsz\u00e1m, egy\u00e9b adatok, amelyeket az \u00dcgyf\u00e9l a Szolg\u00e1ltat\u00f3val val\u00f3 kapcsolattart\u00e1s sor\u00e1n adott meg<\/p>\n\n\n\n<p>A weboldalon cookie f\u00e1jlok ker\u00fclnek feldolgoz\u00e1sra, amelyek sz\u00fcks\u00e9gesek a Szolg\u00e1ltat\u00e1s hat\u00e9kony vezet\u00e9s\u00e9hez \u00e9s m\u0171k\u00f6dtet\u00e9s\u00e9hez, valamint annak biztons\u00e1gos haszn\u00e1lathoz, ide\u00e9rtve a vissza\u00e9l\u00e9sek nyilv\u00e1noss\u00e1gra hozatal\u00e1t is, jelent\u00e9sek \u00e9s elemz\u00e9sek k\u00e9sz\u00edt\u00e9s\u00e9t, valamint az egyes oldalak n\u00e9zetts\u00e9gi statisztik\u00e1it.<\/p>\n\n\n\n<p>A Szolg\u00e1ltat\u00f3 vagy Elad\u00f3 k\u00f6telezetts\u00e9geinek teljes\u00edt\u00e9se, k\u00fcl\u00f6n\u00f6s tekintettel a megk\u00f6t\u00f6tt szerz\u0151d\u00e9sekkel kapcsolatos panaszokra &#8211; a k\u00f6vetkez\u0151 szem\u00e9lyes adatok ker\u00fclnek feldolgoz\u00e1sra &#8211; vezet\u00e9kn\u00e9v, ut\u00f3n\u00e9v, e-mail, telefonsz\u00e1m, c\u00edm (utca, h\u00e1zsz\u00e1m, telep\u00fcl\u00e9s \u00e9s ir\u00e1ny\u00edt\u00f3sz\u00e1m), cooki f\u00e1jlok, banksz\u00e1mlasz\u00e1m, a megrendel\u0151 f\u00e9l p\u00e9nz\u00fcgyi adatai, felt\u00e9ve, hogy ezek sz\u00fcks\u00e9gesek a szolg\u00e1ltat\u00e1s l\u00e9trej\u00f6tt\u00e9hez.<\/p>\n\n\n\n<h2 class=\"wp-block-heading\">A Szem\u00e9lyes Adatok felhaszn\u00e1l\u00e1s\u00e1nak id\u0151tartama<\/h2>\n\n\n\n<p>A Szem\u00e9lyes Adatok sz\u00e1ml\u00e1z\u00e1si c\u00e9lb\u00f3l t\u00f6rt\u00e9n\u0151 t\u00e1rol\u00e1sa legfeljebb 5 \u00e9v, annak a napt\u00e1ri \u00e9vnek a v\u00e9g\u00e9t\u0151l sz\u00e1m\u00edtva, amelyikben a Szolg\u00e1ltat\u00e1ssal kapcsolatos fizet\u00e9si k\u00f6telezetts\u00e9g hat\u00e1rideje lej\u00e1rt. Egy\u00e9b, az adatgy\u0171jt\u00e9s c\u00e9lja \u00e1ltal megalapozott esetben, addig am\u00edg az adatok t\u00e1rol\u00e1s\u00e1ra \u00e9s feldolgoz\u00e1s\u00e1ra t\u00f6rv\u00e9nyes jogalap l\u00e9tezik, &nbsp;ha csak a hat\u00e1lyos jogszab\u00e1lyok nem k\u00f6vetelik meg a hosszabb t\u00e1rol\u00e1si id\u0151t.<\/p>\n\n\n\n<h2 class=\"wp-block-heading\">A Szolg\u00e1ltat\u00f3 jogai \u00e9s k\u00f6telezetts\u00e9gei<\/h2>\n\n\n\n<p>A Szolg\u00e1ltat\u00f3 fenntartja a jogot, hogy a kiv\u00e1lasztott Szem\u00e9lyes Adatokat megfelel\u0151 jogi alapon, az alkalmazand\u00f3 jogszab\u00e1lyokkal \u00f6sszhangban nyilv\u00e1noss\u00e1gra hozza az illet\u00e9kes hat\u00f3s\u00e1goknak vagy harmadik f\u00e9lnek, akik ilyen inform\u00e1ci\u00f3 ir\u00e1nti k\u00e9relmet ny\u00fajtanak be.<\/p>\n\n\n\n<p>A Szolg\u00e1ltat\u00f3, mit a 2018 m\u00e1rcius 30-\u00e1n kelt, a<strong> p\u00e9nzmos\u00e1s \u00e9s terrorizmus finansz\u00edroz\u00e1sa ellenes tev\u00e9kenys\u00e9gr\u0151l sz\u00f3l\u00f3 t\u00f6rv\u00e9ny<\/strong> 2. cikkely, 1. bekezd\u00e9s 15a) pontja \u00e9rtelm\u00e9ben, mint <strong>K\u00f6telezett Int\u00e9zm\u00e9ny<\/strong> kezeli az \u00dcgyf\u00e9l p\u00e9nz\u00fcgyi adatait. Az eml\u00edtett t\u00f6rv\u00e9ny 34. cikkelye szerint <strong>p\u00e9nz\u00fcgyi biztons\u00e1gi int\u00e9zked\u00e9seket alkalmazhat<\/strong> az \u00dcgyf\u00e9llel szemben, amelynek dokument\u00e1ci\u00f3j\u00e1t, bele\u00e9rtve az \u00dcgyfelet <strong>azonos\u00edt\u00f3 szem\u00e9lyes dokumentum ellen\u0151rz\u00e9s\u00e9nek<\/strong> bizony\u00edt\u00e9k\u00e1t. Ezeket az adatokat a K\u00f6telezett Int\u00e9zm\u00e9ny a t\u00f6rv\u00e9ny 49.cikkelye szerint k\u00f6teles az \u00dcgyf\u00e9llel val\u00f3 kapcsolat befejez\u00e9s\u00e9nek \u00e9v\u00e9t k\u00f6vet\u0151 5 \u00e9vig meg\u0151rizni. <\/p>\n\n\n\n<h2 class=\"wp-block-heading\">A szem\u00e9lyes adatokhoz kapcsol\u00f3d\u00f3 szem\u00e9ly jogai \u00e9s k\u00f6telezetts\u00e9gei<\/h2>\n\n\n\n<p>Minden \u00dcgyf\u00e9lnek joga van hozz\u00e1f\u00e9rni a szem\u00e9lyes adataihoz, joga van azt helyesb\u00edteni, t\u00f6r\u00f6lni illetve joga van az adatfeldolgoz\u00e1s korl\u00e1toz\u00e1s\u00e1t k\u00e9rni. Ilyen esetben k\u00fcldj\u00f6n e-mailt a k\u00f6vetkez\u0151 c\u00edmre: gergo@szabo.pl vagy hivja a 518 190 840 telefonsz\u00e1mot.<\/p>\n\n\n\n<p>Tetsz\u0151leges pillanatban, f\u00fcggetlen\u00fcl az adatkezel\u00e9s jogalapj\u00e1t\u00f3l, amelyhez visszavon\u00e1s el\u0151tt hozz\u00e1j\u00e1rul\u00e1s\u00e1t adta, \u00e9s amelyhez szem\u00e9lyes adatait \u00e1tadta, minden \u00dcgyf\u00e9lnek jog\u00e1ban \u00e1ll tiltakozni Szem\u00e9lyes Adatainak tov\u00e1bbi kezel\u00e9se ellen, valamint visszavonni adatkezel\u00e9shez val\u00f3 hozz\u00e1j\u00e1rul\u00e1s\u00e1t egy vagy t\u00f6bb adatkezel\u00e9si c\u00e9llal kapcsolatban amely c\u00e9lra a hozz\u00e1j\u00e1rul\u00e1sa vonatkozik. . Ilyen esetben k\u00fcldj\u00f6n e-mailt a <a href=\"mailto:gergo@szabo.pl\">gergo@szabo.pl<\/a> c\u00edmre, amely t\u00e1rgy\u00e1ban a \u201e<strong>hozz\u00e1j\u00e1rul\u00e1s visszavon\u00e1sa<\/strong>\u201d kifejez\u00e9s szerepel vagy vonja vissza hozz\u00e1j\u00e1rul\u00e1s\u00e1t \u00edr\u00e1sban, a Szolg\u00e1ltat\u00f3 c\u00edm\u00e9re k\u00fcld\u00f6tt lev\u00e9lben: szabo.pl GERG\u00d6 SZAB\u00d3 \u2013 \u201eszem\u00e9lyi adatok\u201d, 34-105 Wysoka 160B.<\/p>\n\n\n\n<p>Ha az \u00dcgyf\u00e9l megadja m\u00e1s szem\u00e9lyek szem\u00e9lyes adatait (bele\u00e9rtve a vezet\u00e9k- \u00e9s ut\u00f3nev\u00fcket, c\u00edm\u00fcket, telefonsz\u00e1mukat vagy e-mail c\u00edm\u00fcket), akkor ezt csak azzal a felt\u00e9tellel teheti meg, hogy nem s\u00e9rti meg a hat\u00e1lyos jogszab\u00e1lyokat \u00e9s a vonatkoz\u00f3 szem\u00e9lyek szem\u00e9lyes tulajdon\u00e1t.<\/p>\n\n\n\n<h2 class=\"wp-block-heading\">A szem\u00e9lyes adatok v\u00e9delme<\/h2>\n\n\n\n<p>A Szolg\u00e1ltat\u00f3 kijelenti, hogy er\u0151fesz\u00edt\u00e9seket tesz annak \u00e9rdek\u00e9ben, hogy az \u00fcgyfelek r\u00e9sz\u00e9re a Szolg\u00e1ltat\u00e1s ig\u00e9nybe v\u00e9tele sor\u00e1n magas szint\u0171 biztons\u00e1got ny\u00fajtson \u00e9s e c\u00e9lb\u00f3l:<\/p>\n\n\n\n<p>a t\u00f6rv\u00e9ny \u00e1ltal el\u0151\u00edrt technikai \u00e9s szervez\u00e9si int\u00e9zked\u00e9seket alkalmaz, k\u00fcl\u00f6n\u00f6s tekintettel a szem\u00e9lyes adatok feldolgoz\u00e1s\u00e1nak biztons\u00e1g\u00e1ra.<\/p>\n\n\n\n<p>Az adatv\u00e9delmi ir\u00e1nyelvek 2019. \u00e1prilis 1-j\u00e9n l\u00e9pnek hat\u00e1lyba.<\/p>\n\n\n\n<p>A Szolg\u00e1ltat\u00f3 fenntartja a jogot a dokumentum egyoldal\u00fa m\u00f3dos\u00edt\u00e1s\u00e1ra. A m\u00f3dos\u00edtott rendelkez\u00e9s a k\u00f6zz\u00e9t\u00e9tel napj\u00e1t\u00f3l l\u00e9p hat\u00e1lyba.<\/p>\n","protected":false},"excerpt":{"rendered":"<p>Az al\u00e1bbi dokumentum az \u00dcgyfelek r\u00e9sz\u00e9re tartalmaz inform\u00e1ci\u00f3t a szabo.pl internetes oldalon \u00e9s a szabo.pl<\/p>\n<div class=\"continue-reading-blog\"><a href=\"https:\/\/szabo.pl\/index.php\/adatvedelmi_iranyelvek\/\" class=\"more-link\">Continue Reading<i class=\"fa fa-long-arrow-right\"><\/i><span class=\"screen-reader-text\">Adatv\u00e9delmi ir\u00e1nyelvek, szem\u00e9lyes adatok v\u00e9delme<\/span><\/a><\/div>\n","protected":false},"author":1,"featured_media":0,"parent":0,"menu_order":0,"comment_status":"closed","ping_status":"closed","template":"","meta":{"footnotes":""},"class_list":["post-3","page","type-page","status-publish","hentry"],"jetpack_sharing_enabled":true,"_links":{"self":[{"href":"https:\/\/szabo.pl\/index.php\/wp-json\/wp\/v2\/pages\/3","targetHints":{"allow":["GET"]}}],"collection":[{"href":"https:\/\/szabo.pl\/index.php\/wp-json\/wp\/v2\/pages"}],"about":[{"href":"https:\/\/szabo.pl\/index.php\/wp-json\/wp\/v2\/types\/page"}],"author":[{"embeddable":true,"href":"https:\/\/szabo.pl\/index.php\/wp-json\/wp\/v2\/users\/1"}],"replies":[{"embeddable":true,"href":"https:\/\/szabo.pl\/index.php\/wp-json\/wp\/v2\/comments?post=3"}],"version-history":[{"count":14,"href":"https:\/\/szabo.pl\/index.php\/wp-json\/wp\/v2\/pages\/3\/revisions"}],"predecessor-version":[{"id":923,"href":"https:\/\/szabo.pl\/index.php\/wp-json\/wp\/v2\/pages\/3\/revisions\/923"}],"wp:attachment":[{"href":"https:\/\/szabo.pl\/index.php\/wp-json\/wp\/v2\/media?parent=3"}],"curies":[{"name":"wp","href":"https:\/\/api.w.org\/{rel}","templated":true}]}}